{"id":67,"date":"2015-09-08T20:12:34","date_gmt":"2015-09-08T19:12:34","guid":{"rendered":"http:\/\/www.mickaelarcos.fr\/wordpress4_dumont\/?page_id=67"},"modified":"2025-07-07T11:03:31","modified_gmt":"2025-07-07T10:03:31","slug":"liens","status":"publish","type":"page","link":"https:\/\/www.francoisdumont.com\/en\/liens\/","title":{"rendered":"Links"},"content":{"rendered":"<ul>\n<li title=\"http:\/\/www.youtube.com\/francoisdumontpiano\"><a href=\"https:\/\/www.radiofrance.fr\/francemusique\/concerts\/concert-generations-france-musique-le-live-du-12-avril-2025\/claude-debussy-children-s-corner-2568581\" target=\"_blank\" rel=\"noopener\">&#8220;Claude Debussy : Children\u2019s Corner&#8221;<\/a> (avril 2025) &gt;&gt;&gt; \u00e9couter sur <a href=\"https:\/\/www.radiofrance.fr\/francemusique\/concerts\/concert-generations-france-musique-le-live-du-12-avril-2025\/claude-debussy-children-s-corner-2568581\" target=\"_blank\" rel=\"noopener\">France Musique<\/a><\/li>\n<li title=\"http:\/\/www.youtube.com\/francoisdumontpiano\"><a href=\"https:\/\/www.radiofrance.fr\/francemusique\/podcasts\/generations-france-musique-le-live\/francois-dumont-royal-gondor-orchestra-stephanie-moraly-khrystyna-sarksyan-orlando-bass-quatuor-opal-8848567\" target=\"_blank\" rel=\"noopener\">Hommage \u00e0 Debussy<\/a> (avril 2025) &gt;&gt;&gt; \u00e9couter sur <a href=\"https:\/\/www.radiofrance.fr\/francemusique\/podcasts\/generations-france-musique-le-live\/francois-dumont-royal-gondor-orchestra-stephanie-moraly-khrystyna-sarksyan-orlando-bass-quatuor-opal-8848567\" target=\"_blank\" rel=\"noopener\">France Musique<\/a><\/li>\n<li><a href=\"https:\/\/www.radioclassique.fr\/classique\/concerts-festivals\/le-pianiste-francois-dumont-consacre-son-nouvel-album-a-debussy\/\" target=\"_blank\" rel=\"noopener\">&#8220;Le pianiste Fran\u00e7ois Dumont consacre son nouvel album \u00e0 Debussy &#8220;, par Laure M\u00e9zan<\/a> (f\u00e9vrier 2025) &gt;&gt;&gt; \u00e9couter sur <a href=\"https:\/\/www.radioclassique.fr\/classique\/concerts-festivals\/le-pianiste-francois-dumont-consacre-son-nouvel-album-a-debussy\/\" target=\"_blank\" rel=\"noopener\">Radio Classique<\/a><\/li>\n<li title=\"http:\/\/www.youtube.com\/francoisdumontpiano\"><a href=\"https:\/\/www.radiofrance.fr\/francemusique\/podcasts\/portraits-de-famille\/francois-dumont-7974093\" target=\"_blank\" rel=\"noopener\">&#8220;Portrait de famille&#8221;, par Philippe Cassard<\/a> (f\u00e9vrier 2025) &gt;&gt;&gt; \u00e9couter sur <a href=\"https:\/\/www.radiofrance.fr\/francemusique\/podcasts\/portraits-de-famille\/francois-dumont-7974093\" target=\"_blank\" rel=\"noopener\">France Musique<\/a><\/li>\n<li title=\"http:\/\/www.youtube.com\/francoisdumontpiano\"><a href=\"https:\/\/smartlink.ausha.co\/ondes-sensibles\/francois-dumont-et-la-musique-de-debussy-jouee-sur-un-piano-ayant-appartenu-au-compositeur\" target=\"_blank\" rel=\"noopener\">Fran\u00e7ois Dumont et la musique de Debussy<\/a> (f\u00e9vrier 2025) &gt;&gt;&gt; \u00e9couter sur <a href=\"https:\/\/smartlink.ausha.co\/ondes-sensibles\/francois-dumont-et-la-musique-de-debussy-jouee-sur-un-piano-ayant-appartenu-au-compositeur\" target=\"_blank\" rel=\"noopener\">Ondes Sensibles<\/a><\/li>\n<li><a href=\"https:\/\/www.radiofrance.fr\/francemusique\/podcasts\/l-invite-e-du-jour\/francois-dumont-pianiste-impressionniste-5010573\" target=\"_blank\" rel=\"noopener\">&#8220;Un enregistrement, c&#8217;est \u00e0 la fois un aboutissement et un nouveau d\u00e9part&#8221;<\/a> (janv. 2025) &gt;&gt;&gt; \u00e9couter sur <a href=\"https:\/\/www.radiofrance.fr\/francemusique\/podcasts\/l-invite-e-du-jour\/francois-dumont-pianiste-impressionniste-5010573\" target=\"_blank\" rel=\"noopener\">France Musique<\/a><\/li>\n<li title=\"http:\/\/www.youtube.com\/francoisdumontpiano\"><a href=\"https:\/\/singulars.fr\/le-carnet-de-lecture-de-francois-dumont-pianiste-ethique-la-musica\/\" target=\"_blank\" rel=\"noopener\">Le carnet de lecture de Fran\u00e7ois Dumont, pianiste \u00e9thique<\/a> (janvier 2025) &gt;&gt;&gt; \u00e0 lire sur <a href=\"https:\/\/singulars.fr\/le-carnet-de-lecture-de-francois-dumont-pianiste-ethique-la-musica\/\" target=\"_blank\" rel=\"noopener\">Singulars<\/a><\/li>\n<li title=\"http:\/\/www.youtube.com\/francoisdumontpiano\"><a href=\"https:\/\/www.radiofrance.fr\/francemusique\/podcasts\/le-concert-du-soir\/anniversaire-ligeti-1-4-coup-d-envoi-avec-francois-xavier-roth-et-l-onf-6384500?fbclid=IwAR1dJ-eHr4bWZndd503_JOVqzpCUwKonUAc-QLo0cp_fg7o2kUhbmU_BuSE\" target=\"_blank\" rel=\"noopener\">Diffusion du concert avec l&#8217;<span class=\"x193iq5w xeuugli x13faqbe x1vvkbs x1xmvt09 x1lliihq x1s928wv xhkezso x1gmr53x x1cpjm7i x1fgarty x1943h6x xudqn12 x3x7a5m x6prxxf xvq8zen xo1l8bm xzsf02u x1yc453h\" dir=\"auto\"><span class=\"xt0psk2\">Orchestre National de France<\/span> et <span class=\"xt0psk2\">Fran\u00e7ois-Xavier Roth<\/span><\/span> (23 novembre 2023)<\/a> &gt;&gt;&gt; \u00e9couter sur <a href=\"https:\/\/www.radiofrance.fr\/francemusique\/podcasts\/le-concert-du-soir\/anniversaire-ligeti-1-4-coup-d-envoi-avec-francois-xavier-roth-et-l-onf-6384500?fbclid=IwAR1dJ-eHr4bWZndd503_JOVqzpCUwKonUAc-QLo0cp_fg7o2kUhbmU_BuSE\" target=\"_blank\" rel=\"noopener\">France Musique<\/a><\/li>\n<li title=\"http:\/\/www.youtube.com\/francoisdumontpiano\"><a href=\"https:\/\/www.radiofrance.fr\/francemusique\/podcasts\/le-van-beethoven\/chopin-et-franck-par-francois-dumont-notre-invite-8201003\" target=\"_blank\" rel=\"noopener noreferrer\">&#8220;Chopin et Franck par Fran\u00e7ois Dumont&#8221;, France Musique\u00a0 (20 juin 2022)<\/a><\/li>\n<li title=\"http:\/\/www.youtube.com\/francoisdumontpiano\"><a href=\"https:\/\/www.rfi.fr\/fr\/podcasts\/vous-m-en-direz-des-nouvelles\/20220510-fran%C3%A7ois-dumont-ballades-avec-chopin\" target=\"_blank\" rel=\"noopener noreferrer\">&#8220;Fran\u00e7ois Dumont, une odyss\u00e9e dans l&#8217;\u00e2me de Chopin&#8221;, RFI\u00a0 (10 mai 2022)<\/a><\/li>\n<li title=\"http:\/\/www.youtube.com\/francoisdumontpiano\"><a href=\"https:\/\/www.concertclassic.com\/article\/francois-dumont-de-mozart-au-chant-de-la-terre-un-ete-bien-occupe?fbclid=IwAR2n5CIn4yYXqjOL_0uRQDbOUIbrLkdhHsgLxXrlPOImRP9xHOqddpsIMbY\" target=\"_blank\" rel=\"noopener noreferrer\">&#8220;Fran\u00e7ois Dumont &#8211; de Mozart au Chant de la Terre, un \u00e9t\u00e9 bien occup\u00e9&#8221;\u00a0 (17 juin 2021)<\/a><\/li>\n<li title=\"http:\/\/www.youtube.com\/francoisdumontpiano\"><a href=\"https:\/\/www.agentsdentretiens.com\/entretiens\/musique\/francoisdumont\/\" target=\"_blank\" rel=\"noopener noreferrer\">&#8220;Fran\u00e7ois Dumont, passeur d\u2019\u00e9motions&#8221;, interview, Agents d&#8217;Entretiens (11 avril 2020)\u00a0<\/a> Le podcast de l&#8217;interview &gt;&gt;&gt; cliquer <a href=\"https:\/\/agentsdentretiens.lepodcast.fr\/francois-dumont-passeur-demotions?fbclid=IwAR1RcsOoXZQbAUmxvpkY_FIhmW7CJrpRyLL8lOKDspfVBkC7jNVnKMBmzoo\" target=\"_blank\" rel=\"noopener noreferrer\">ici<\/a><\/li>\n<li title=\"http:\/\/www.youtube.com\/francoisdumontpiano\"><a href=\"https:\/\/www.francemusique.fr\/emissions\/la-tribune-des-critiques-de-disques\/gaspard-de-la-nuit-de-ravel-78239?fbclid=IwAR1T_hOf7GbmDGpEwJ2teUgSmokL2rb0ao4Nh5zfywTxAuGQCoKsTh0R9vU\" target=\"_blank\" rel=\"noopener noreferrer\">La Tribune des critiques de disque, J\u00e9r\u00e9mie Rousseau, France Musique (1er d\u00e9c. 2019)<\/a><\/li>\n<li title=\"http:\/\/www.youtube.com\/francoisdumontpiano\"><a href=\"https:\/\/www.francemusique.fr\/emissions\/musique-matin\/guillaume-tell-a-l-opera-de-lyon-brel-et-francois-dumont-l-invite-du-jour\" target=\"_blank\" rel=\"noopener noreferrer\">Musique Matin, Jean-Baptiste Urbain, France Musique (16 oct. 2019)<\/a><\/li>\n<li><a href=\"https:\/\/www.francemusique.fr\/emissions\/classic-club\/la-french-touche-avec-anne-queffelec-et-francois-dumont-69254?xtmc=fran%C3%A7ois%20dumont&amp;xtnp=1&amp;xtcr=3\" target=\"_blank\" rel=\"noopener noreferrer\">Le Classic Club de Lionel Esparza, France Musique (21 f\u00e9v. 2019)<\/a><\/li>\n<li title=\"http:\/\/www.youtube.com\/francoisdumontpiano\"><a href=\"https:\/\/www.franceculture.fr\/emissions\/fictions-theatre-et-cie\/armistice\" target=\"_blank\" rel=\"noopener noreferrer\">&#8220;En Pistes !&#8221;<\/a><a href=\"https:\/\/www.francemusique.fr\/emissions\/en-pistes\/en-pistes-du-mercredi-05-decembre-2018-67047\" target=\"_blank\" rel=\"noopener noreferrer\">, France Musique (5 d\u00e9c. 2018)<\/a><\/li>\n<li title=\"http:\/\/www.youtube.com\/francoisdumontpiano\"><a href=\"https:\/\/www.franceculture.fr\/emissions\/fictions-theatre-et-cie\/armistice\" target=\"_blank\" rel=\"noopener noreferrer\">&#8220;Armisitice&#8221;, France Culture (11 nov. 2018)<\/a><\/li>\n<li title=\"http:\/\/www.youtube.com\/francoisdumontpiano\"><a href=\"https:\/\/www.francemusique.fr\/emissions\/classic-club\/rendez-vous-romantique-avec-francesco-piemontesi-jean-yves-clement-et-francois-dumont-65331\" target=\"_blank\" rel=\"noopener noreferrer\">Le Classic Club de Lionel Esparza, France Musique (oct. 2018)<\/a><\/li>\n<li title=\"http:\/\/www.youtube.com\/francoisdumontpiano\"><a href=\"https:\/\/www.francemusique.fr\/emissions\/generation-france-musique\/generation-france-musique-du-samedi-08-septembre-2018-64756\" target=\"_blank\" rel=\"noopener noreferrer\">G\u00e9n\u00e9ration France Musique de Jean-Baptiste Urbain, France Musique (sept. 2018)<\/a><\/li>\n<li class=\"paragraph Title\" title=\"http:\/\/www.youtube.com\/francoisdumontpiano\"><a href=\"https:\/\/www.francemusique.fr\/emissions\/carrefour-de-lodeon-acte-2\/carrefour-de-lodeon-acte-ii-du-jeudi-05-avril-2018-60164\" target=\"_blank\" rel=\"noopener noreferrer\">Le disque &#8220;Chopin \u2013 21 Nocturnes&#8221; chez Fr\u00e9d\u00e9ric Lod\u00e9on, France Musique (avril 2018)<\/a><\/li>\n<li class=\"paragraph Title\" title=\"http:\/\/www.youtube.com\/francoisdumontpiano\"><a href=\"https:\/\/www.francemusique.fr\/emissions\/generation-jeunes-interpretes\/pavel-kolesnikov-elina-buksha-et-aurelien-pascal-eugenie-lefebvre-helene-boulegue-anais-gaudemard-francois-dumont-59740\" target=\"_blank\" rel=\"noopener noreferrer\">G\u00e9n\u00e9ration jeunes interpr\u00e8tes de Ga\u00eblle Le Gallic, France Musique (mars 2018)<\/a><\/li>\n<li class=\"paragraph Title\" title=\"http:\/\/www.youtube.com\/francoisdumontpiano\"><a href=\"https:\/\/www.accent4.com\/podcast\/les-entretiens-daccent4-francois-dumont\/\" target=\"_blank\" rel=\"noopener noreferrer\">Entretien avec Olivier Erouart, Radio Accent 4 (mars 2018)<\/a><\/li>\n<li class=\"paragraph Title\" title=\"http:\/\/www.youtube.com\/francoisdumontpiano\"><a href=\"https:\/\/radio.vinci-autoroutes.com\/article\/francois-dumont-joue-chopin\" target=\"_blank\" rel=\"noopener noreferrer\">&#8220;Fran\u00e7ois Dumont joue Chopin&#8221; sur Radio Vinci Autoroutes (f\u00e9v. 2018)<\/a><\/li>\n<li class=\"paragraph Title\" title=\"http:\/\/www.youtube.com\/francoisdumontpiano\"><a href=\"https:\/\/www.francemusique.fr\/emissions\/classic-club\/classic-club-du-jeudi-4-janvier-2018-54727\" target=\"_blank\" rel=\"noopener noreferrer\">Le Classic Club de Lionel Esparza, France Musique (janv. 2018)<\/a><\/li>\n<li class=\"paragraph Title\" title=\"http:\/\/www.youtube.com\/francoisdumontpiano\"><a href=\"https:\/\/www.francemusique.fr\/emissions\/musique-matin\/le-pianiste-francois-dumont-poursuit-l-enregistrement-de-l-integrale-des-concertos-de-mozart-37482\" target=\"_blank\" rel=\"noopener noreferrer\">La Matinale de France Musique avec Jean-Baptiste Urbain (oct. 2017)<\/a><\/li>\n<li class=\"paragraph Title\"><a title=\"http:\/\/www.dailymotion.com\/video\/xptwkn_francois-dumont-changez-de-disque-30-03-12_music?code=AQDvbmFUdZaDUfG0I7tqwlaLYYnSF3vxol5FZYUhNm31pPhn0epwF_iWoFocnd23GLb1Nc2KiVJO0xXFHhiUQ_pvsapUTrLidjeWf3ZWi1SGyfq3aYo7PlecHNRO9N4doILf-Z3i_K8vNDjRJPC1I4gQE-gw8m67pMZvjLQI3hBUHaNIqLG5BvsKGcqpbYPivKs#_=_\" href=\"http:\/\/www.dailymotion.com\/video\/xptwkn_francois-dumont-changez-de-disque-30-03-12_music?code=AQDvbmFUdZaDUfG0I7tqwlaLYYnSF3vxol5FZYUhNm31pPhn0epwF_iWoFocnd23GLb1Nc2KiVJO0xXFHhiUQ_pvsapUTrLidjeWf3ZWi1SGyfq3aYo7PlecHNRO9N4doILf-Z3i_K8vNDjRJPC1I4gQE-gw8m67pMZvjLQI3hBUHaNIqLG5BvsKGcqpbYPivKs#_=_\" target=\"_blank\" rel=\"noopener noreferrer\">Regardez une interview accord\u00e9e \u00e0 France Musique (mars 2012)<\/a><\/li>\n<li class=\"paragraph Title\"><a title=\"http:\/\/www.qobuz.com\/info\/MAGAZINE-ACTUALITES\/RENCONTRES\/Francois-Dumont-une-rencontre65351\" href=\"http:\/\/www.qobuz.com\/info\/MAGAZINE-ACTUALITES\/RENCONTRES\/Francois-Dumont-une-rencontre65351\" target=\"_blank\" rel=\"noopener noreferrer\">Rencontre-podcast accord\u00e9e \u00e0 Qobuz (mars 2012)<\/a><\/li>\n<\/ul>\n","protected":false},"excerpt":{"rendered":"<p>&#8220;Claude Debussy : Children\u2019s Corner&#8221; (avril 2025) &gt;&gt;&gt; \u00e9couter sur France Musique Hommage \u00e0 Debussy (avril 2025) &gt;&gt;&gt; \u00e9couter sur France Musique &#8220;Le pianiste Fran\u00e7ois Dumont consacre son nouvel album \u00e0 Debussy &#8220;, par Laure M\u00e9zan (f\u00e9vrier 2025) &gt;&gt;&gt; \u00e9couter sur Radio Classique &#8220;Portrait de famille&#8221;, par Philippe Cassard (f\u00e9vrier 2025) &gt;&gt;&gt; \u00e9couter sur France [&hellip;]<\/p>\n","protected":false},"author":1,"featured_media":0,"parent":0,"menu_order":6,"comment_status":"closed","ping_status":"closed","template":"","meta":{"jetpack_post_was_ever_published":false,"footnotes":""},"class_list":["post-67","page","type-page","status-publish","hentry"],"jetpack_sharing_enabled":true,"jetpack_shortlink":"https:\/\/wp.me\/P6JzCj-15","_links":{"self":[{"href":"https:\/\/www.francoisdumont.com\/en\/wp-json\/wp\/v2\/pages\/67","targetHints":{"allow":["GET"]}}],"collection":[{"href":"https:\/\/www.francoisdumont.com\/en\/wp-json\/wp\/v2\/pages"}],"about":[{"href":"https:\/\/www.francoisdumont.com\/en\/wp-json\/wp\/v2\/types\/page"}],"author":[{"embeddable":true,"href":"https:\/\/www.francoisdumont.com\/en\/wp-json\/wp\/v2\/users\/1"}],"replies":[{"embeddable":true,"href":"https:\/\/www.francoisdumont.com\/en\/wp-json\/wp\/v2\/comments?post=67"}],"version-history":[{"count":97,"href":"https:\/\/www.francoisdumont.com\/en\/wp-json\/wp\/v2\/pages\/67\/revisions"}],"predecessor-version":[{"id":9707,"href":"https:\/\/www.francoisdumont.com\/en\/wp-json\/wp\/v2\/pages\/67\/revisions\/9707"}],"wp:attachment":[{"href":"https:\/\/www.francoisdumont.com\/en\/wp-json\/wp\/v2\/media?parent=67"}],"curies":[{"name":"wp","href":"https:\/\/api.w.org\/{rel}","templated":true}]}}